{"id":4147,"date":"2022-01-03T19:44:00","date_gmt":"2022-01-03T19:44:00","guid":{"rendered":"https:\/\/kolesarski-svet.si\/?post_type=product&#038;p=4147"},"modified":"2022-05-13T07:31:31","modified_gmt":"2022-05-13T07:31:31","slug":"bikezac-2-0-torba-za-kolo-oranzna","status":"publish","type":"product","link":"https:\/\/kolesarski-svet.si\/sl\/izdelek\/bikezac-2-0-torba-za-kolo-oranzna\/","title":{"rendered":"Bikezac 2.0 &#8211; torba za kolo Oran\u017ena"},"content":{"rendered":"<table style=\"border-collapse: collapse; width: 100%;\">\n<tbody>\n<tr>\n<td style=\"width: 33.3333%;\">\n<h3 style=\"text-align: center;\"><img decoding=\"async\" class=\"aligncenter wp-image-4148 \" src=\"https:\/\/kolesarski-svet.si\/wp-content\/uploads\/2022\/01\/Eko-logo.jpg\" alt=\"\" width=\"160\" height=\"133\" \/><\/h3>\n<h3 class=\"icons-row__title\" style=\"text-align: center;\"><span class=\"VIiyi\" lang=\"sl\"><span class=\"JLqJ4b ChMk0b\" data-language-for-alternatives=\"sl\" data-language-to-translate-into=\"en\" data-phrase-index=\"0\" data-number-of-phrases=\"1\"><span class=\"Q4iAWc\">Okolju prijazne<\/span><\/span><\/span><\/h3>\n<p class=\"icons-row__content\" style=\"text-align: center;\"><span class=\"VIiyi\" lang=\"sl\"><span class=\"JLqJ4b ChMk0b\" data-language-for-alternatives=\"sl\" data-language-to-translate-into=\"en\" data-phrase-index=\"0\" data-number-of-phrases=\"1\"><span class=\"Q4iAWc\">Narejene iz recikliranega tkanega PP.<\/span><\/span><\/span><\/p>\n<\/td>\n<td style=\"width: 33.3333%;\">\n<h3><img decoding=\"async\" class=\"aligncenter wp-image-4150 \" src=\"https:\/\/kolesarski-svet.si\/wp-content\/uploads\/2022\/01\/logo-2.jpg\" alt=\"\" width=\"147\" height=\"158\" \/><\/h3>\n<h3 class=\"icons-row__title\" style=\"text-align: center;\"><span class=\"VIiyi\" lang=\"sl\"><span class=\"JLqJ4b ChMk0b\" data-language-for-alternatives=\"sl\" data-language-to-translate-into=\"en\" data-phrase-index=\"0\" data-number-of-phrases=\"1\"><span class=\"Q4iAWc\">Kompaktne in priro\u010dne<\/span><\/span><\/span><\/h3>\n<p class=\"icons-row__content\" style=\"text-align: center;\">Zlo\u017eljiva in zlahka se jo pospravi. Pripravljena za uporabo, ko jo potrebujete.<\/p>\n<\/td>\n<td style=\"width: 33.3333%;\">\n<h3><img decoding=\"async\" class=\"aligncenter wp-image-4152 \" src=\"https:\/\/kolesarski-svet.si\/wp-content\/uploads\/2022\/01\/logo-kolo.jpg\" alt=\"\" width=\"167\" height=\"156\" \/><\/h3>\n<h3 class=\"icons-row__title\" style=\"text-align: center;\">Idealne za vsakodnevno uporabo<\/h3>\n<p class=\"icons-row__content\" style=\"text-align: center;\">Torbe so idealne za vsakodnevno nakupovanje, transport ali prevoz predmetov.<\/p>\n<\/td>\n<\/tr>\n<\/tbody>\n<\/table>\n<p>&nbsp;<\/p>\n<p><span style=\"color: #000000;\"><span class=\"VIiyi\" lang=\"sl\"><span class=\"JLqJ4b ChMk0b\" data-language-for-alternatives=\"sl\" data-language-to-translate-into=\"en\" data-phrase-index=\"4\" data-number-of-phrases=\"5\">Je <strong><span style=\"color: #ff6600;\">oran\u017ena<\/span> <\/strong>\u0161e vedno nova<strong> \u010drna<\/strong>? Mogo\u010de. Kar vemo, je, da nam je zelo v\u0161e\u010d topel in svetel ob\u010dutek, ki ga prikli\u010de\u00a0 matirana<strong><span style=\"color: #ff6600;\"> oran\u017ena<\/span><\/strong> barva. Zelo viden, a nenavadno miren. Kot son\u010dni zahod. <\/span><\/span><\/span><\/p>\n<p><span style=\"color: #000000;\"><span class=\"VIiyi\" lang=\"sl\"><span class=\"JLqJ4b ChMk0b\" data-language-for-alternatives=\"sl\" data-language-to-translate-into=\"en\" data-phrase-index=\"0\" data-number-of-phrases=\"5\"><span style=\"color: #808080;\"><strong>Preprosto <span style=\"color: #ff6600;\">Oran\u017ena<\/span><\/strong><\/span> je del dru\u017eine izdelkov Simple.<\/span> <span class=\"JLqJ4b ChMk0b\" data-language-for-alternatives=\"sl\" data-language-to-translate-into=\"en\" data-phrase-index=\"1\" data-number-of-phrases=\"5\">Te torbe so zasnovane tako, da so preproste in elegantne.<\/span> <span class=\"JLqJ4b ChMk0b\" data-language-for-alternatives=\"sl\" data-language-to-translate-into=\"en\" data-phrase-index=\"2\" data-number-of-phrases=\"5\">Brez logotipa.<\/span> <span class=\"JLqJ4b ChMk0b\" data-language-for-alternatives=\"sl\" data-language-to-translate-into=\"en\" data-phrase-index=\"3\" data-number-of-phrases=\"5\">Brez sijaja.<\/span> <span class=\"JLqJ4b ChMk0b\" data-language-for-alternatives=\"sl\" data-language-to-translate-into=\"en\" data-phrase-index=\"4\" data-number-of-phrases=\"5\">Samo preprost, brez\u010dasen dizajn.<\/span><\/span><\/span><\/p>\n<p><span style=\"color: #000000;\"><span class=\"VIiyi\" lang=\"sl\"><span class=\"JLqJ4b ChMk0b\" data-language-for-alternatives=\"sl\" data-language-to-translate-into=\"en\" data-phrase-index=\"0\" data-number-of-phrases=\"2\">Narejena je iz 100 % recikliranega tkanega PP in je tako kot druge torbe v dru\u017eini zelo trpe\u017ena in se zlahka pritrdi na prtlja\u017enik.<\/span>\u00a0<span class=\"JLqJ4b ChMk0b\" data-language-for-alternatives=\"sl\" data-language-to-translate-into=\"en\" data-phrase-index=\"0\" data-number-of-phrases=\"1\">Zato zgrabite okolju prijazno kolesarsko torbo za ro\u010daj za ta <strong>dodatni prostor na poti s kolesom.<\/strong><\/span><\/span> <\/span><\/p>\n<p><strong>Pregled<\/strong><\/p>\n<ul>\n<li><span class=\"VIiyi\" lang=\"sl\"><span class=\"JLqJ4b ChMk0b\" data-language-for-alternatives=\"sl\" data-language-to-translate-into=\"en\" data-phrase-index=\"0\" data-number-of-phrases=\"23\">Izdelan je iz trpe\u017enega in 100% recikliranega tkanega materiala.<\/span> <\/span><\/li>\n<li><span class=\"VIiyi\" lang=\"sl\"><span class=\"JLqJ4b ChMk0b\" data-language-for-alternatives=\"sl\" data-language-to-translate-into=\"en\" data-phrase-index=\"2\" data-number-of-phrases=\"23\">\u010crni ro\u010daji.<\/span> <\/span><\/li>\n<li><span class=\"VIiyi\" lang=\"sl\"><span class=\"JLqJ4b ChMk0b\" data-language-for-alternatives=\"sl\" data-language-to-translate-into=\"en\" data-phrase-index=\"4\" data-number-of-phrases=\"23\">Bel elasti\u010dni trak za enostavno zapiranje.<\/span> <\/span><\/li>\n<li><span class=\"VIiyi\" lang=\"sl\"><span class=\"JLqJ4b ChMk0b\" data-language-for-alternatives=\"sl\" data-language-to-translate-into=\"en\" data-phrase-index=\"6\" data-number-of-phrases=\"23\">Nov tirni sistem v \u010drni barvi.<\/span> <\/span><\/li>\n<li><span class=\"VIiyi\" lang=\"sl\"><span class=\"JLqJ4b ChMk0b\" data-language-for-alternatives=\"sl\" data-language-to-translate-into=\"en\" data-phrase-index=\"8\" data-number-of-phrases=\"23\">Nosilnost 8 kg.<\/span> <\/span><\/li>\n<li><span class=\"VIiyi\" lang=\"sl\"><span class=\"JLqJ4b ChMk0b\" data-language-for-alternatives=\"sl\" data-language-to-translate-into=\"en\" data-phrase-index=\"10\" data-number-of-phrases=\"23\">Kotni vogali za dodaten prostor za pete.<\/span> <\/span><\/li>\n<li><span class=\"VIiyi\" lang=\"sl\"><span class=\"JLqJ4b ChMk0b\" data-language-for-alternatives=\"sl\" data-language-to-translate-into=\"en\" data-phrase-index=\"12\" data-number-of-phrases=\"23\">Stabilna oblika, ki omogo\u010da, da torba stoji samostojno.<\/span> <\/span><\/li>\n<li><span class=\"VIiyi\" lang=\"sl\"><span class=\"JLqJ4b ChMk0b\" data-language-for-alternatives=\"sl\" data-language-to-translate-into=\"en\" data-phrase-index=\"14\" data-number-of-phrases=\"23\">Omogo\u010da enostavno polnjenje in praznjenje.<\/span> <\/span><\/li>\n<li><span class=\"VIiyi\" lang=\"sl\"><span class=\"JLqJ4b ChMk0b\" data-language-for-alternatives=\"sl\" data-language-to-translate-into=\"en\" data-phrase-index=\"16\" data-number-of-phrases=\"23\">Dimenzije:<\/span> <\/span>\n<ul>\n<li><span class=\"VIiyi\" lang=\"sl\"><span class=\"JLqJ4b ChMk0b\" data-language-for-alternatives=\"sl\" data-language-to-translate-into=\"en\" data-phrase-index=\"18\" data-number-of-phrases=\"23\">Ko je ravna: V40 x \u016047 x D1 cm<\/span><\/span><\/li>\n<li><span class=\"VIiyi\" lang=\"sl\"><span class=\"JLqJ4b ChMk0b\" data-language-for-alternatives=\"sl\" data-language-to-translate-into=\"en\" data-phrase-index=\"20\" data-number-of-phrases=\"23\">Pri polnjenju: V40 x \u0160 29 x D 18 cm<\/span> <\/span><\/li>\n<li><span class=\"VIiyi\" lang=\"sl\"><span class=\"JLqJ4b ChMk0b\" data-language-for-alternatives=\"sl\" data-language-to-translate-into=\"en\" data-phrase-index=\"22\" data-number-of-phrases=\"23\">V zlo\u017eenem stanju: V10 x \u016029 x D3 cm<\/span><\/span><\/li>\n<\/ul>\n<\/li>\n<\/ul>\n<p><strong><span class=\"VIiyi\" lang=\"sl\"><span class=\"JLqJ4b ChMk0b\" data-language-for-alternatives=\"sl\" data-language-to-translate-into=\"en\" data-phrase-index=\"0\" data-number-of-phrases=\"1\">O Bikezacu 2.0<\/span><\/span> <\/strong><\/p>\n<p><span class=\"VIiyi\" lang=\"sl\"><span class=\"JLqJ4b ChMk0b\" data-language-for-alternatives=\"sl\" data-language-to-translate-into=\"en\" data-phrase-index=\"0\" data-number-of-phrases=\"7\">Bikezac 2.0 je druga generacija okolju prijaznih, varnih, vzdr\u017eljivih in priro\u010dnih nakupovalnih vre\u010dk, zasnovanih posebej za kolesa.<\/span> <span class=\"JLqJ4b ChMk0b\" data-language-for-alternatives=\"sl\" data-language-to-translate-into=\"en\" data-phrase-index=\"1\" data-number-of-phrases=\"7\">Vre\u010dke vam olaj\u0161ajo izbiro CO2 prijazne mo\u017enosti, ko greste po nakupih.<\/span> <\/span><\/p>\n<p><span class=\"VIiyi\" lang=\"sl\"><span class=\"JLqJ4b ChMk0b\" data-language-for-alternatives=\"sl\" data-language-to-translate-into=\"en\" data-phrase-index=\"3\" data-number-of-phrases=\"7\">Kolesarske torbe Bikezac 2.0 so narejene z mo\u010dnej\u0161imi \u0161ivi in bolj kakovostnim tkanim PP, narejenim iz 100 % reciklirane plastike.<\/span> <span class=\"JLqJ4b ChMk0b\" data-language-for-alternatives=\"sl\" data-language-to-translate-into=\"en\" data-phrase-index=\"4\" data-number-of-phrases=\"7\">Plastika v tirnici je narejena iz mo\u010dnej\u0161e spojine kot prej\u0161nje proizvodnje, zaradi \u010desar je vre\u010dka razli\u010dice 2.0 veliko bolj trpe\u017ena kot njihova predhodnica.<\/span> <\/span><\/p>\n<p><span class=\"VIiyi\" lang=\"sl\"><span class=\"JLqJ4b ChMk0b\" data-language-for-alternatives=\"sl\" data-language-to-translate-into=\"en\" data-phrase-index=\"6\" data-number-of-phrases=\"7\">Nov ro\u010daj v obliki \u010drke T na sistemu vodil omogo\u010da enostavno odpenjanje z uporabo samo dveh prstov, kar pomeni, da ni ve\u010d potrebe po uporabi pasu za odpenjanje vre\u010dk.<\/span><\/span><\/p>\n<div class=\"dePhmb\">\n<div class=\"eyKpYb\" data-language=\"sl\" data-original-language=\"en\" data-result-index=\"0\">\n<div class=\"J0lOec\"><strong><span class=\"VIiyi\" lang=\"sl\"><span class=\"JLqJ4b ChMk0b\" data-language-for-alternatives=\"sl\" data-language-to-translate-into=\"en\" data-phrase-index=\"0\" data-number-of-phrases=\"1\">Patentirano vodilo sistema in velikosti:<\/span><\/span><\/strong><\/div>\n<\/div>\n<\/div>\n<div><img decoding=\"async\" class=\"alignleft wp-image-4113 size-large\" src=\"https:\/\/kolesarski-svet.si\/wp-content\/uploads\/2021\/10\/cobags-1-1024x768.jpg\" alt=\"\" width=\"748\" height=\"561\" srcset=\"https:\/\/kolesarski-svet.si\/wp-content\/uploads\/2021\/10\/cobags-1-1024x768.jpg 1024w, https:\/\/kolesarski-svet.si\/wp-content\/uploads\/2021\/10\/cobags-1-300x225.jpg 300w, https:\/\/kolesarski-svet.si\/wp-content\/uploads\/2021\/10\/cobags-1-768x576.jpg 768w, https:\/\/kolesarski-svet.si\/wp-content\/uploads\/2021\/10\/cobags-1-600x450.jpg 600w, https:\/\/kolesarski-svet.si\/wp-content\/uploads\/2021\/10\/cobags-1.jpg 1200w\" sizes=\"(max-width: 748px) 100vw, 748px\" \/><\/div>\n<div><iframe src=\"\/\/www.youtube.com\/embed\/Oz2dEmdzvt0\" width=\"660\" height=\"370\" allowfullscreen=\"allowfullscreen\"><\/iframe><\/div>\n","protected":false},"excerpt":{"rendered":"<div class=\"feature-description-single\">\n<div class=\"feature-description-single\"><span style=\"font-family: georgia, palatino, serif; font-size: 12pt;\"><span class=\"VIiyi\" lang=\"sl\"><span class=\"JLqJ4b ChMk0b\" data-language-for-alternatives=\"sl\" data-language-to-translate-into=\"en\" data-phrase-index=\"4\" data-number-of-phrases=\"5\">Je <span style=\"color: #ff9900;\"><strong>oran\u017ena\u00a0 <\/strong><\/span>nova<strong> \u010drna<\/strong>? Mogo\u010de. Kar vemo, je, da nam je zelo v\u0161e\u010d topel in svetel ob\u010dutek, ki ga prikli\u010de matirana<strong> oran\u017ena<\/strong> barva. Zelo viden, a nenavadno miren. Kot son\u010dni zahod. <\/span><\/span><span class=\"VIiyi\" lang=\"sl\"><span class=\"JLqJ4b ChMk0b\" data-language-for-alternatives=\"sl\" data-language-to-translate-into=\"en\" data-phrase-index=\"0\" data-number-of-phrases=\"5\"><strong>Preprosto Oran\u017ena<\/strong> je del dru\u017eine izdelkov Simple.<\/span> <span class=\"JLqJ4b ChMk0b\" data-language-for-alternatives=\"sl\" data-language-to-translate-into=\"en\" data-phrase-index=\"1\" data-number-of-phrases=\"5\">Te kolesarske torbe so zasnovane tako, da so preproste in elegantne.<\/span> <span class=\"JLqJ4b ChMk0b\" data-language-for-alternatives=\"sl\" data-language-to-translate-into=\"en\" data-phrase-index=\"2\" data-number-of-phrases=\"5\">Brez logotipa.<\/span> <span class=\"JLqJ4b ChMk0b\" data-language-for-alternatives=\"sl\" data-language-to-translate-into=\"en\" data-phrase-index=\"3\" data-number-of-phrases=\"5\">Brez sijaja.<\/span> <span class=\"JLqJ4b ChMk0b\" data-language-for-alternatives=\"sl\" data-language-to-translate-into=\"en\" data-phrase-index=\"4\" data-number-of-phrases=\"5\">Samo preprost, brez\u010dasen dizajn.<\/span><\/span><\/span><span class=\"VIiyi\" lang=\"sl\"><span class=\"JLqJ4b ChMk0b\" data-language-for-alternatives=\"sl\" data-language-to-translate-into=\"en\" data-phrase-index=\"4\" data-number-of-phrases=\"5\">\u00a0<\/span><\/span><\/div>\n<\/div>\n","protected":false},"featured_media":4249,"comment_status":"open","ping_status":"closed","template":"","meta":[],"product_brand":[],"product_cat":[672],"product_tag":[684,677,320],"class_list":{"0":"post-4147","1":"product","2":"type-product","3":"status-publish","4":"has-post-thumbnail","6":"product_cat-oprema-za-kolo","7":"product_tag-bikezac-2-0-torba-za-kolo-oranzna","8":"product_tag-cobags-sl","9":"product_tag-kolesarski-svet","11":"first","12":"outofstock","13":"featured","14":"shipping-taxable","15":"purchasable","16":"product-type-simple"},"yoast_head":"<!-- This site is optimized with the Yoast SEO plugin v26.6 - https:\/\/yoast.com\/wordpress\/plugins\/seo\/ -->\n<title>Bikezac 2.0 - torba za kolo Oran\u017ena - Kolesarski Svet<\/title>\n<meta name=\"description\" content=\"Je oran\u017ena \u0161e vedno nova \u010drna? Mogo\u010de. Kar vemo, je, da nam je zelo v\u0161e\u010d topel in svetel ob\u010dutek, ki ga prikli\u010de matirana oran\u017ena barva.\" \/>\n<meta name=\"robots\" content=\"index, follow, max-snippet:-1, max-image-preview:large, max-video-preview:-1\" \/>\n<link rel=\"canonical\" href=\"https:\/\/kolesarski-svet.si\/sl\/izdelek\/bikezac-2-0-torba-za-kolo-oranzna\/\" \/>\n<meta property=\"og:locale\" content=\"sl_SI\" \/>\n<meta property=\"og:type\" content=\"article\" \/>\n<meta property=\"og:title\" content=\"Bikezac 2.0 - torba za kolo Oran\u017ena - Kolesarski Svet\" \/>\n<meta property=\"og:description\" content=\"Je oran\u017ena \u0161e vedno nova \u010drna? Mogo\u010de. Kar vemo, je, da nam je zelo v\u0161e\u010d topel in svetel ob\u010dutek, ki ga prikli\u010de matirana oran\u017ena barva.\" \/>\n<meta property=\"og:url\" content=\"https:\/\/kolesarski-svet.si\/sl\/izdelek\/bikezac-2-0-torba-za-kolo-oranzna\/\" \/>\n<meta property=\"og:site_name\" content=\"Kolesarski Svet\" \/>\n<meta property=\"article:publisher\" content=\"https:\/\/www.facebook.com\/KolesarskiSvet\/\" \/>\n<meta property=\"article:modified_time\" content=\"2022-05-13T07:31:31+00:00\" \/>\n<meta property=\"og:image\" content=\"https:\/\/kolesarski-svet.si\/wp-content\/uploads\/2022\/01\/Cobags-Orange-3.jpg\" \/>\n\t<meta property=\"og:image:width\" content=\"1200\" \/>\n\t<meta property=\"og:image:height\" content=\"800\" \/>\n\t<meta property=\"og:image:type\" content=\"image\/jpeg\" \/>\n<meta name=\"twitter:card\" content=\"summary_large_image\" \/>\n<meta name=\"twitter:label1\" content=\"Est. reading time\" \/>\n\t<meta name=\"twitter:data1\" content=\"3 minute\" \/>\n<script type=\"application\/ld+json\" class=\"yoast-schema-graph\">{\"@context\":\"https:\/\/schema.org\",\"@graph\":[{\"@type\":\"WebPage\",\"@id\":\"https:\/\/kolesarski-svet.si\/sl\/izdelek\/bikezac-2-0-torba-za-kolo-oranzna\/\",\"url\":\"https:\/\/kolesarski-svet.si\/sl\/izdelek\/bikezac-2-0-torba-za-kolo-oranzna\/\",\"name\":\"Bikezac 2.0 - torba za kolo Oran\u017ena - Kolesarski Svet\",\"isPartOf\":{\"@id\":\"https:\/\/kolesarski-svet.si\/#website\"},\"primaryImageOfPage\":{\"@id\":\"https:\/\/kolesarski-svet.si\/sl\/izdelek\/bikezac-2-0-torba-za-kolo-oranzna\/#primaryimage\"},\"image\":{\"@id\":\"https:\/\/kolesarski-svet.si\/sl\/izdelek\/bikezac-2-0-torba-za-kolo-oranzna\/#primaryimage\"},\"thumbnailUrl\":\"https:\/\/kolesarski-svet.si\/wp-content\/uploads\/2022\/01\/Cobags-Orange-3.jpg\",\"datePublished\":\"2022-01-03T19:44:00+00:00\",\"dateModified\":\"2022-05-13T07:31:31+00:00\",\"description\":\"Je oran\u017ena \u0161e vedno nova \u010drna? Mogo\u010de. Kar vemo, je, da nam je zelo v\u0161e\u010d topel in svetel ob\u010dutek, ki ga prikli\u010de matirana oran\u017ena barva.\",\"breadcrumb\":{\"@id\":\"https:\/\/kolesarski-svet.si\/sl\/izdelek\/bikezac-2-0-torba-za-kolo-oranzna\/#breadcrumb\"},\"inLanguage\":\"sl-SI\",\"potentialAction\":[{\"@type\":\"ReadAction\",\"target\":[\"https:\/\/kolesarski-svet.si\/sl\/izdelek\/bikezac-2-0-torba-za-kolo-oranzna\/\"]}]},{\"@type\":\"ImageObject\",\"inLanguage\":\"sl-SI\",\"@id\":\"https:\/\/kolesarski-svet.si\/sl\/izdelek\/bikezac-2-0-torba-za-kolo-oranzna\/#primaryimage\",\"url\":\"https:\/\/kolesarski-svet.si\/wp-content\/uploads\/2022\/01\/Cobags-Orange-3.jpg\",\"contentUrl\":\"https:\/\/kolesarski-svet.si\/wp-content\/uploads\/2022\/01\/Cobags-Orange-3.jpg\",\"width\":1200,\"height\":800,\"caption\":\"Bikezac 2.0 - Torba za kolo - oran\u017ena, Kolesarski Svet,\"},{\"@type\":\"BreadcrumbList\",\"@id\":\"https:\/\/kolesarski-svet.si\/sl\/izdelek\/bikezac-2-0-torba-za-kolo-oranzna\/#breadcrumb\",\"itemListElement\":[{\"@type\":\"ListItem\",\"position\":1,\"name\":\"Home\",\"item\":\"https:\/\/kolesarski-svet.si\/sl\/kolesarski-svet-domov\/\"},{\"@type\":\"ListItem\",\"position\":2,\"name\":\"Trgovina\",\"item\":\"https:\/\/kolesarski-svet.si\/sl\/trgovina\/\"},{\"@type\":\"ListItem\",\"position\":3,\"name\":\"Bikezac 2.0 &#8211; torba za kolo Oran\u017ena\"}]},{\"@type\":\"WebSite\",\"@id\":\"https:\/\/kolesarski-svet.si\/#website\",\"url\":\"https:\/\/kolesarski-svet.si\/\",\"name\":\"Kolesarski Svet\",\"description\":\"Do\u017eivite lepote Slovenije na kolesu\",\"publisher\":{\"@id\":\"https:\/\/kolesarski-svet.si\/#organization\"},\"potentialAction\":[{\"@type\":\"SearchAction\",\"target\":{\"@type\":\"EntryPoint\",\"urlTemplate\":\"https:\/\/kolesarski-svet.si\/?s={search_term_string}\"},\"query-input\":{\"@type\":\"PropertyValueSpecification\",\"valueRequired\":true,\"valueName\":\"search_term_string\"}}],\"inLanguage\":\"sl-SI\"},{\"@type\":\"Organization\",\"@id\":\"https:\/\/kolesarski-svet.si\/#organization\",\"name\":\"Kolesarski Svet\",\"url\":\"https:\/\/kolesarski-svet.si\/\",\"logo\":{\"@type\":\"ImageObject\",\"inLanguage\":\"sl-SI\",\"@id\":\"https:\/\/kolesarski-svet.si\/#\/schema\/logo\/image\/\",\"url\":\"https:\/\/kolesarski-svet.si\/wp-content\/uploads\/2018\/03\/logo-KS-170.png\",\"contentUrl\":\"https:\/\/kolesarski-svet.si\/wp-content\/uploads\/2018\/03\/logo-KS-170.png\",\"width\":170,\"height\":120,\"caption\":\"Kolesarski Svet\"},\"image\":{\"@id\":\"https:\/\/kolesarski-svet.si\/#\/schema\/logo\/image\/\"},\"sameAs\":[\"https:\/\/www.facebook.com\/KolesarskiSvet\/\",\"https:\/\/www.youtube.com\/channel\/UCaR0d_D0MFnxI1Wpxa2nkAA\"]}]}<\/script>\n<!-- \/ Yoast SEO plugin. -->","yoast_head_json":{"title":"Bikezac 2.0 - torba za kolo Oran\u017ena - Kolesarski Svet","description":"Je oran\u017ena \u0161e vedno nova \u010drna? Mogo\u010de. Kar vemo, je, da nam je zelo v\u0161e\u010d topel in svetel ob\u010dutek, ki ga prikli\u010de matirana oran\u017ena barva.","robots":{"index":"index","follow":"follow","max-snippet":"max-snippet:-1","max-image-preview":"max-image-preview:large","max-video-preview":"max-video-preview:-1"},"canonical":"https:\/\/kolesarski-svet.si\/sl\/izdelek\/bikezac-2-0-torba-za-kolo-oranzna\/","og_locale":"sl_SI","og_type":"article","og_title":"Bikezac 2.0 - torba za kolo Oran\u017ena - Kolesarski Svet","og_description":"Je oran\u017ena \u0161e vedno nova \u010drna? Mogo\u010de. Kar vemo, je, da nam je zelo v\u0161e\u010d topel in svetel ob\u010dutek, ki ga prikli\u010de matirana oran\u017ena barva.","og_url":"https:\/\/kolesarski-svet.si\/sl\/izdelek\/bikezac-2-0-torba-za-kolo-oranzna\/","og_site_name":"Kolesarski Svet","article_publisher":"https:\/\/www.facebook.com\/KolesarskiSvet\/","article_modified_time":"2022-05-13T07:31:31+00:00","og_image":[{"width":1200,"height":800,"url":"https:\/\/kolesarski-svet.si\/wp-content\/uploads\/2022\/01\/Cobags-Orange-3.jpg","type":"image\/jpeg"}],"twitter_card":"summary_large_image","twitter_misc":{"Est. reading time":"3 minute"},"schema":{"@context":"https:\/\/schema.org","@graph":[{"@type":"WebPage","@id":"https:\/\/kolesarski-svet.si\/sl\/izdelek\/bikezac-2-0-torba-za-kolo-oranzna\/","url":"https:\/\/kolesarski-svet.si\/sl\/izdelek\/bikezac-2-0-torba-za-kolo-oranzna\/","name":"Bikezac 2.0 - torba za kolo Oran\u017ena - Kolesarski Svet","isPartOf":{"@id":"https:\/\/kolesarski-svet.si\/#website"},"primaryImageOfPage":{"@id":"https:\/\/kolesarski-svet.si\/sl\/izdelek\/bikezac-2-0-torba-za-kolo-oranzna\/#primaryimage"},"image":{"@id":"https:\/\/kolesarski-svet.si\/sl\/izdelek\/bikezac-2-0-torba-za-kolo-oranzna\/#primaryimage"},"thumbnailUrl":"https:\/\/kolesarski-svet.si\/wp-content\/uploads\/2022\/01\/Cobags-Orange-3.jpg","datePublished":"2022-01-03T19:44:00+00:00","dateModified":"2022-05-13T07:31:31+00:00","description":"Je oran\u017ena \u0161e vedno nova \u010drna? Mogo\u010de. Kar vemo, je, da nam je zelo v\u0161e\u010d topel in svetel ob\u010dutek, ki ga prikli\u010de matirana oran\u017ena barva.","breadcrumb":{"@id":"https:\/\/kolesarski-svet.si\/sl\/izdelek\/bikezac-2-0-torba-za-kolo-oranzna\/#breadcrumb"},"inLanguage":"sl-SI","potentialAction":[{"@type":"ReadAction","target":["https:\/\/kolesarski-svet.si\/sl\/izdelek\/bikezac-2-0-torba-za-kolo-oranzna\/"]}]},{"@type":"ImageObject","inLanguage":"sl-SI","@id":"https:\/\/kolesarski-svet.si\/sl\/izdelek\/bikezac-2-0-torba-za-kolo-oranzna\/#primaryimage","url":"https:\/\/kolesarski-svet.si\/wp-content\/uploads\/2022\/01\/Cobags-Orange-3.jpg","contentUrl":"https:\/\/kolesarski-svet.si\/wp-content\/uploads\/2022\/01\/Cobags-Orange-3.jpg","width":1200,"height":800,"caption":"Bikezac 2.0 - Torba za kolo - oran\u017ena, Kolesarski Svet,"},{"@type":"BreadcrumbList","@id":"https:\/\/kolesarski-svet.si\/sl\/izdelek\/bikezac-2-0-torba-za-kolo-oranzna\/#breadcrumb","itemListElement":[{"@type":"ListItem","position":1,"name":"Home","item":"https:\/\/kolesarski-svet.si\/sl\/kolesarski-svet-domov\/"},{"@type":"ListItem","position":2,"name":"Trgovina","item":"https:\/\/kolesarski-svet.si\/sl\/trgovina\/"},{"@type":"ListItem","position":3,"name":"Bikezac 2.0 &#8211; torba za kolo Oran\u017ena"}]},{"@type":"WebSite","@id":"https:\/\/kolesarski-svet.si\/#website","url":"https:\/\/kolesarski-svet.si\/","name":"Kolesarski Svet","description":"Do\u017eivite lepote Slovenije na kolesu","publisher":{"@id":"https:\/\/kolesarski-svet.si\/#organization"},"potentialAction":[{"@type":"SearchAction","target":{"@type":"EntryPoint","urlTemplate":"https:\/\/kolesarski-svet.si\/?s={search_term_string}"},"query-input":{"@type":"PropertyValueSpecification","valueRequired":true,"valueName":"search_term_string"}}],"inLanguage":"sl-SI"},{"@type":"Organization","@id":"https:\/\/kolesarski-svet.si\/#organization","name":"Kolesarski Svet","url":"https:\/\/kolesarski-svet.si\/","logo":{"@type":"ImageObject","inLanguage":"sl-SI","@id":"https:\/\/kolesarski-svet.si\/#\/schema\/logo\/image\/","url":"https:\/\/kolesarski-svet.si\/wp-content\/uploads\/2018\/03\/logo-KS-170.png","contentUrl":"https:\/\/kolesarski-svet.si\/wp-content\/uploads\/2018\/03\/logo-KS-170.png","width":170,"height":120,"caption":"Kolesarski Svet"},"image":{"@id":"https:\/\/kolesarski-svet.si\/#\/schema\/logo\/image\/"},"sameAs":["https:\/\/www.facebook.com\/KolesarskiSvet\/","https:\/\/www.youtube.com\/channel\/UCaR0d_D0MFnxI1Wpxa2nkAA"]}]}},"_links":{"self":[{"href":"https:\/\/kolesarski-svet.si\/sl\/wp-json\/wp\/v2\/product\/4147","targetHints":{"allow":["GET"]}}],"collection":[{"href":"https:\/\/kolesarski-svet.si\/sl\/wp-json\/wp\/v2\/product"}],"about":[{"href":"https:\/\/kolesarski-svet.si\/sl\/wp-json\/wp\/v2\/types\/product"}],"replies":[{"embeddable":true,"href":"https:\/\/kolesarski-svet.si\/sl\/wp-json\/wp\/v2\/comments?post=4147"}],"wp:featuredmedia":[{"embeddable":true,"href":"https:\/\/kolesarski-svet.si\/sl\/wp-json\/wp\/v2\/media\/4249"}],"wp:attachment":[{"href":"https:\/\/kolesarski-svet.si\/sl\/wp-json\/wp\/v2\/media?parent=4147"}],"wp:term":[{"taxonomy":"product_brand","embeddable":true,"href":"https:\/\/kolesarski-svet.si\/sl\/wp-json\/wp\/v2\/product_brand?post=4147"},{"taxonomy":"product_cat","embeddable":true,"href":"https:\/\/kolesarski-svet.si\/sl\/wp-json\/wp\/v2\/product_cat?post=4147"},{"taxonomy":"product_tag","embeddable":true,"href":"https:\/\/kolesarski-svet.si\/sl\/wp-json\/wp\/v2\/product_tag?post=4147"}],"curies":[{"name":"wp","href":"https:\/\/api.w.org\/{rel}","templated":true}]}}